{"version":"1.0","provider_name":"CHRONO Flex Suisse","provider_url":"https:\/\/www.chronoflex.ch\/fr\/","title":"Intervention \u00e0 la f\u00eate f\u00e9d\u00e9rale de gymnastique - CHRONO Flex Suisse","type":"rich","width":600,"height":338,"html":"<blockquote class=\"wp-embedded-content\" data-secret=\"RzhU7XTvAb\"><a href=\"https:\/\/www.chronoflex.ch\/fr\/intervention-a-la-fete-federale-de-gymnastique\/\">Intervention \u00e0 la f\u00eate f\u00e9d\u00e9rale de gymnastique<\/a><\/blockquote><iframe sandbox=\"allow-scripts\" security=\"restricted\" src=\"https:\/\/www.chronoflex.ch\/fr\/intervention-a-la-fete-federale-de-gymnastique\/embed\/#?secret=RzhU7XTvAb\" width=\"600\" height=\"338\" title=\"\u00ab\u00a0Intervention \u00e0 la f\u00eate f\u00e9d\u00e9rale de gymnastique\u00a0\u00bb &#8212; CHRONO Flex Suisse\" data-secret=\"RzhU7XTvAb\" frameborder=\"0\" marginwidth=\"0\" marginheight=\"0\" scrolling=\"no\" class=\"wp-embedded-content\"><\/iframe><script type=\"text\/javascript\">\n\/* <![CDATA[ *\/\n\/*! This file is auto-generated *\/\n!function(d,l){\"use strict\";l.querySelector&&d.addEventListener&&\"undefined\"!=typeof URL&&(d.wp=d.wp||{},d.wp.receiveEmbedMessage||(d.wp.receiveEmbedMessage=function(e){var t=e.data;if((t||t.secret||t.message||t.value)&&!\/[^a-zA-Z0-9]\/.test(t.secret)){for(var s,r,n,a=l.querySelectorAll('iframe[data-secret=\"'+t.secret+'\"]'),o=l.querySelectorAll('blockquote[data-secret=\"'+t.secret+'\"]'),c=new RegExp(\"^https?:$\",\"i\"),i=0;i<o.length;i++)o[i].style.display=\"none\";for(i=0;i<a.length;i++)s=a[i],e.source===s.contentWindow&&(s.removeAttribute(\"style\"),\"height\"===t.message?(1e3<(r=parseInt(t.value,10))?r=1e3:~~r<200&&(r=200),s.height=r):\"link\"===t.message&&(r=new URL(s.getAttribute(\"src\")),n=new URL(t.value),c.test(n.protocol))&&n.host===r.host&&l.activeElement===s&&(d.top.location.href=t.value))}},d.addEventListener(\"message\",d.wp.receiveEmbedMessage,!1),l.addEventListener(\"DOMContentLoaded\",function(){for(var e,t,s=l.querySelectorAll(\"iframe.wp-embedded-content\"),r=0;r<s.length;r++)(t=(e=s[r]).getAttribute(\"data-secret\"))||(t=Math.random().toString(36).substring(2,12),e.src+=\"#?secret=\"+t,e.setAttribute(\"data-secret\",t)),e.contentWindow.postMessage({message:\"ready\",secret:t},\"*\")},!1)))}(window,document);\n\/\/# sourceURL=https:\/\/www.chronoflex.ch\/wp-includes\/js\/wp-embed.min.js\n\/* ]]> *\/\n<\/script>\n","thumbnail_url":"https:\/\/www.chronoflex.ch\/wp-content\/uploads\/2019\/06\/2019-06-14-1.jpg","thumbnail_width":2988,"thumbnail_height":5312,"description":"La f\u00eate f\u00e9d\u00e9rale de gymnastique 2019 \u00e0 Aarau as d\u00e9j\u00e0 commanc\u00e9. Aujourd&rsquo;hui nous\u00a0avons \u00e9galement fait notre travail sur place. C&rsquo;est un plaisir de pouvoir travailler pour un telle f\u00eate. Nous souhaiton \u00e0 tous les participants beaucoup de succ\u00e8s et de plaisir! \u00a0 \u00a0 \u00a0 \u00a0 \u00a0 \u00a0 \u00a0 \u00a0 \u00a0 \u00a0 \u00a0 \u00a0 \u00a0 \u00a0 [&hellip;]"}